{"id":10,"date":"2024-11-26T10:53:46","date_gmt":"2024-11-26T09:53:46","guid":{"rendered":"https:\/\/cqzdcji.cluster027.hosting.ovh.net\/?page_id=10"},"modified":"2024-11-26T17:00:20","modified_gmt":"2024-11-26T16:00:20","slug":"a-propos","status":"publish","type":"page","link":"https:\/\/www.culturabox.be\/index.php\/a-propos\/","title":{"rendered":"A propos&#8230;"},"content":{"rendered":"\t\t<div data-elementor-type=\"wp-page\" data-elementor-id=\"10\" class=\"elementor elementor-10\">\n\t\t\t\t<div class=\"elementor-element elementor-element-b7d56a1 e-flex e-con-boxed e-con e-parent\" data-id=\"b7d56a1\" data-element_type=\"container\">\n\t\t\t\t\t<div class=\"e-con-inner\">\n\t\t\t\t<div class=\"elementor-element elementor-element-0cc5342 elementor-widget elementor-widget-heading\" data-id=\"0cc5342\" data-element_type=\"widget\" data-widget_type=\"heading.default\">\n\t\t\t\t<div class=\"elementor-widget-container\">\n\t\t\t<h2 class=\"elementor-heading-title elementor-size-default\"><h2 data-elementor-setting-key=\"title\" data-pen-placeholder=\"\u00c9crivez ici...\" style=\"font-family: var( --e-global-typography-primary-font-family ), Sans-serif;font-style: normal;font-weight: var( --e-global-typography-primary-font-weight );text-align: center\">Qu'est-ce-que Cultura Box ?<\/h2><\/h2>\t\t<\/div>\n\t\t\t\t<\/div>\n\t\t\t\t\t<\/div>\n\t\t\t\t<\/div>\n\t\t<div class=\"elementor-element elementor-element-42feb74 e-flex e-con-boxed e-con e-parent\" data-id=\"42feb74\" data-element_type=\"container\">\n\t\t\t\t\t<div class=\"e-con-inner\">\n\t\t\t\t<div class=\"elementor-element elementor-element-d51633d elementor-widget elementor-widget-text-editor\" data-id=\"d51633d\" data-element_type=\"widget\" data-widget_type=\"text-editor.default\">\n\t\t\t\t<div class=\"elementor-widget-container\">\n\t\t\t\t\t\t\t<p><span style=\"font-size: 11.0pt; line-height: 107%; font-family: 'Aptos',sans-serif; mso-ascii-theme-font: minor-latin; mso-fareast-font-family: Aptos; mso-fareast-theme-font: minor-latin; mso-hansi-theme-font: minor-latin; mso-bidi-font-family: 'Times New Roman'; mso-bidi-theme-font: minor-bidi; mso-ansi-language: FR-BE; mso-fareast-language: EN-US; mso-bidi-language: AR-SA;\">Cr\u00e9\u00e9e en novembre 2024, l\u2019ASBL Cultura Box est cr\u00e9\u00e9e pour encadrer des projets artistiques et musicaux, principalement dans le secteur des arts de la sc\u00e8ne. L\u2019ASBL accueille aujourd\u2019hui 4 projets r\u00e9currents et diverses activit\u00e9s ponctuelles.<\/span><\/p>\t\t\t\t\t\t<\/div>\n\t\t\t\t<\/div>\n\t\t\t\t\t<\/div>\n\t\t\t\t<\/div>\n\t\t<div class=\"elementor-element elementor-element-f05c3a9 e-flex e-con-boxed e-con e-parent\" data-id=\"f05c3a9\" data-element_type=\"container\">\n\t\t\t\t\t<div class=\"e-con-inner\">\n\t\t<div class=\"elementor-element elementor-element-3cde118 e-con-full e-flex e-con e-child\" data-id=\"3cde118\" data-element_type=\"container\">\n\t\t\t\t<div class=\"elementor-element elementor-element-dc73479 elementor-widget elementor-widget-text-editor\" data-id=\"dc73479\" data-element_type=\"widget\" data-widget_type=\"text-editor.default\">\n\t\t\t\t<div class=\"elementor-widget-container\">\n\t\t\t\t\t\t\t<p class=\"MsoNormal\">Parmi nos <b>projets r\u00e9currents<\/b>, vous retrouverez <i>Major Set<\/i>, un groupe de cinq musiciens qui m\u00ealent pop, swing et jazz avec \u00e9nergie ; <i>Les Reines de Pique<\/i>, une chorale de femmes pleine de puissance et d\u2019harmonie ; <i>Faco Duet<\/i>, un duo qui anime avec charme tous vos \u00e9v\u00e9nements ; et enfin, notre <i>spectacle pour enfants<\/i>, con\u00e7u pour \u00e9veiller les jeunes g\u00e9n\u00e9rations aux instruments de l\u2019orchestre et \u00e0 divers r\u00e9pertoires musicaux.<\/p>\t\t\t\t\t\t<\/div>\n\t\t\t\t<\/div>\n\t\t\t\t<\/div>\n\t\t<div class=\"elementor-element elementor-element-49a0c10 e-con-full e-flex e-con e-child\" data-id=\"49a0c10\" data-element_type=\"container\">\n\t\t\t\t<div class=\"elementor-element elementor-element-5b3380e elementor-widget elementor-widget-text-editor\" data-id=\"5b3380e\" data-element_type=\"widget\" data-widget_type=\"text-editor.default\">\n\t\t\t\t<div class=\"elementor-widget-container\">\n\t\t\t\t\t\t\t<p>En plus de nos projets r\u00e9guliers, nous organisons des <strong>\u00e9v\u00e9nements uniques<\/strong> : des soir\u00e9es sp\u00e9ciales (blind test, karaoke,\u2026), des formations, des ateliers cr\u00e9atifs ou encore des activit\u00e9s artistiques et musicales\u00a0; lors desquels chacun peut d\u00e9couvrir une nouvelle forme d\u2019expression sans barri\u00e8re technique ni pr\u00e9requis musical. Ces projets ponctuels sont l\u2019occasion de vivre des exp\u00e9riences originales et de d\u00e9couvrir de nouveaux horizons culturels.<\/p>\t\t\t\t\t\t<\/div>\n\t\t\t\t<\/div>\n\t\t\t\t<\/div>\n\t\t\t\t\t<\/div>\n\t\t\t\t<\/div>\n\t\t<div class=\"elementor-element elementor-element-4fe294d e-con-full e-flex e-con e-parent\" data-id=\"4fe294d\" data-element_type=\"container\" data-settings=\"{&quot;background_background&quot;:&quot;classic&quot;}\">\n\t\t\t\t<div class=\"elementor-element elementor-element-69b78f6 elementor-widget elementor-widget-text-editor\" data-id=\"69b78f6\" data-element_type=\"widget\" data-widget_type=\"text-editor.default\">\n\t\t\t\t<div class=\"elementor-widget-container\">\n\t\t\t\t\t\t\t<p class=\"MsoNormal\">Cultura Box, c\u2019est un espace de rencontre et de cr\u00e9ativit\u00e9, un encadrement pour les artiste et un lieu de formation pour tous !<\/p>\t\t\t\t\t\t<\/div>\n\t\t\t\t<\/div>\n\t\t\t\t<\/div>\n\t\t<div class=\"elementor-element elementor-element-1544bd2 e-flex e-con-boxed e-con e-parent\" data-id=\"1544bd2\" data-element_type=\"container\">\n\t\t\t\t\t<div class=\"e-con-inner\">\n\t\t\t\t<div class=\"elementor-element elementor-element-0387d8a elementor-widget elementor-widget-heading\" data-id=\"0387d8a\" data-element_type=\"widget\" data-widget_type=\"heading.default\">\n\t\t\t\t<div class=\"elementor-widget-container\">\n\t\t\t<h2 class=\"elementor-heading-title elementor-size-default\">Les fondatrices<\/h2>\t\t<\/div>\n\t\t\t\t<\/div>\n\t\t\t\t<div class=\"elementor-element elementor-element-e6fd246 elementor-widget elementor-widget-text-editor\" data-id=\"e6fd246\" data-element_type=\"widget\" data-widget_type=\"text-editor.default\">\n\t\t\t\t<div class=\"elementor-widget-container\">\n\t\t\t\t\t\t\t<p>Fanny Crucq et Coline Everaerts, les deux fondatrices de l\u2019ASBL, sont multi-instrumentistes et musiciennes depuis toujours.<\/p>\t\t\t\t\t\t<\/div>\n\t\t\t\t<\/div>\n\t\t\t\t\t<\/div>\n\t\t\t\t<\/div>\n\t\t<div class=\"elementor-element elementor-element-650a242 e-flex e-con-boxed e-con e-parent\" data-id=\"650a242\" data-element_type=\"container\">\n\t\t\t\t\t<div class=\"e-con-inner\">\n\t\t<div class=\"elementor-element elementor-element-16dccb4 e-con-full e-flex e-con e-child\" data-id=\"16dccb4\" data-element_type=\"container\">\n\t\t\t\t<div class=\"elementor-element elementor-element-ee5b767 elementor-widget__width-initial elementor-widget elementor-widget-image\" data-id=\"ee5b767\" data-element_type=\"widget\" data-widget_type=\"image.default\">\n\t\t\t\t<div class=\"elementor-widget-container\">\n\t\t\t\t\t\t\t\t\t\t\t\t\t<img fetchpriority=\"high\" decoding=\"async\" width=\"1024\" height=\"1024\" src=\"https:\/\/www.culturabox.be\/wp-content\/uploads\/2024\/11\/DSC04493bis-1024x1024.jpg\" class=\"attachment-large size-large wp-image-44\" alt=\"\" srcset=\"https:\/\/www.culturabox.be\/wp-content\/uploads\/2024\/11\/DSC04493bis-1024x1024.jpg 1024w, https:\/\/www.culturabox.be\/wp-content\/uploads\/2024\/11\/DSC04493bis-300x300.jpg 300w, https:\/\/www.culturabox.be\/wp-content\/uploads\/2024\/11\/DSC04493bis-150x150.jpg 150w, https:\/\/www.culturabox.be\/wp-content\/uploads\/2024\/11\/DSC04493bis-768x768.jpg 768w, https:\/\/www.culturabox.be\/wp-content\/uploads\/2024\/11\/DSC04493bis-1536x1536.jpg 1536w, https:\/\/www.culturabox.be\/wp-content\/uploads\/2024\/11\/DSC04493bis-2048x2048.jpg 2048w\" sizes=\"(max-width: 1024px) 100vw, 1024px\" \/>\t\t\t\t\t\t\t\t\t\t\t\t\t<\/div>\n\t\t\t\t<\/div>\n\t\t\t\t<\/div>\n\t\t<div class=\"elementor-element elementor-element-aa152db e-con-full e-flex e-con e-child\" data-id=\"aa152db\" data-element_type=\"container\">\n\t\t\t\t<div class=\"elementor-element elementor-element-4b7a17c elementor-widget elementor-widget-text-editor\" data-id=\"4b7a17c\" data-element_type=\"widget\" data-widget_type=\"text-editor.default\">\n\t\t\t\t<div class=\"elementor-widget-container\">\n\t\t\t\t\t\t\t<p>Fanny est ing\u00e9nieure de formation et travaille chez UCB. En parall\u00e8le de son activit\u00e9 professionnelle, elle s\u2019investit dans toutes les initiatives locales qui l\u2019enthousiasment\u00a0: du carnaval aux f\u00eates de quartier, son implication pour faire de chaque \u00e9v\u00e8nement un succ\u00e8s est ultra-positive. Pr\u00e9sidente de la Soci\u00e9t\u00e9 Royale d\u2019Harmonie de Braine-l\u2019Alleud, elle est percussionniste, saxophoniste et tubiste. Elle s\u2019est \u00e9galement donn\u00e9e pour mission de transmettre sa passion aux plus jeunes\u00a0: tous les enfants doivent recevoir l\u2019occasion d\u2019entrer dans le monde de la musique, d\u00e8s le plus jeune \u00e2ge. Son entourage de musiciens interg\u00e9n\u00e9rationnel, multiculturel, pluri-tout-ce-que-vous-voulez, lui donne la conviction que cet art contribue \u00e0 rendre le monde meilleur.<\/p>\t\t\t\t\t\t<\/div>\n\t\t\t\t<\/div>\n\t\t\t\t<\/div>\n\t\t<div class=\"elementor-element elementor-element-e350c4b e-con-full e-flex e-con e-child\" data-id=\"e350c4b\" data-element_type=\"container\">\n\t\t\t\t<div class=\"elementor-element elementor-element-2da20a8 elementor-widget elementor-widget-image\" data-id=\"2da20a8\" data-element_type=\"widget\" data-widget_type=\"image.default\">\n\t\t\t\t<div class=\"elementor-widget-container\">\n\t\t\t\t\t\t\t\t\t\t\t\t\t<img decoding=\"async\" width=\"1024\" height=\"1024\" src=\"https:\/\/www.culturabox.be\/wp-content\/uploads\/2024\/11\/cococarre-1024x1024.jpg\" class=\"attachment-large size-large wp-image-45\" alt=\"\" srcset=\"https:\/\/www.culturabox.be\/wp-content\/uploads\/2024\/11\/cococarre-1024x1024.jpg 1024w, https:\/\/www.culturabox.be\/wp-content\/uploads\/2024\/11\/cococarre-300x300.jpg 300w, https:\/\/www.culturabox.be\/wp-content\/uploads\/2024\/11\/cococarre-150x150.jpg 150w, https:\/\/www.culturabox.be\/wp-content\/uploads\/2024\/11\/cococarre-768x768.jpg 768w, https:\/\/www.culturabox.be\/wp-content\/uploads\/2024\/11\/cococarre-1536x1536.jpg 1536w, https:\/\/www.culturabox.be\/wp-content\/uploads\/2024\/11\/cococarre-2048x2048.jpg 2048w\" sizes=\"(max-width: 1024px) 100vw, 1024px\" \/>\t\t\t\t\t\t\t\t\t\t\t\t\t<\/div>\n\t\t\t\t<\/div>\n\t\t\t\t<\/div>\n\t\t<div class=\"elementor-element elementor-element-820a379 e-con-full e-flex e-con e-child\" data-id=\"820a379\" data-element_type=\"container\">\n\t\t\t\t<div class=\"elementor-element elementor-element-7ae28be elementor-widget elementor-widget-text-editor\" data-id=\"7ae28be\" data-element_type=\"widget\" data-widget_type=\"text-editor.default\">\n\t\t\t\t<div class=\"elementor-widget-container\">\n\t\t\t\t\t\t\t<p>Coline est historienne et prof d\u2019histoire \u00e0 temps partiel dans le secondaire sup\u00e9rieur en \u00e9cole technique et professionnelle. Avec son solide bagage acad\u00e9mique musical et sa d\u00e9termination \u00e0 se former toujours plus, elle vogue de projet en projet avec expertise et comp\u00e9tence. Piano, guitare, instruments \u00e0 vent, la connaissance technique d\u2019une grande vari\u00e9t\u00e9 d\u2019instruments est un de ses beaux atouts. Son cr\u00e9do\u00a0? Tout le monde peut faire de la musique \u00e0 n\u2019importe quel \u00e2ge, et tout le monde peut chanter. Son approche intuitive sort des carcans r\u00e8glement\u00e9s de la musique occidentale\u00a0: elle jongle sans cesse entre parfaite ma\u00eetrise de la partition et improvisation totale. Et elle le transmet bien.<\/p>\n<p><!-- \/wp:paragraph --><!-- wp:paragraph {\"align\":\"center\"} --><\/p>\t\t\t\t\t\t<\/div>\n\t\t\t\t<\/div>\n\t\t\t\t<\/div>\n\t\t\t\t\t<\/div>\n\t\t\t\t<\/div>\n\t\t<div class=\"elementor-element elementor-element-92b6fdd e-con-full e-flex e-con e-parent\" data-id=\"92b6fdd\" data-element_type=\"container\">\n\t\t\t\t<div class=\"elementor-element elementor-element-cb64233 elementor-widget elementor-widget-text-editor\" data-id=\"cb64233\" data-element_type=\"widget\" data-widget_type=\"text-editor.default\">\n\t\t\t\t<div class=\"elementor-widget-container\">\n\t\t\t\t\t\t\t<h6><span style=\"font-size: 14px; color: var( --e-global-color-text ); text-align: var(--text-align);\">Bien s\u00fbr, elles travaillent ensemble\u00a0avec une compl\u00e9mentarit\u00e9 exemplaire\u00a0: l\u2019enthousiasme de l\u2019une et le professionnalisme de l\u2019autre leur permettent de mener \u00e0 bien de beaux projets au sein de Cultura Box.<\/span><\/h6>\t\t\t\t\t\t<\/div>\n\t\t\t\t<\/div>\n\t\t\t\t<\/div>\n\t\t\t\t<\/div>\n\t\t","protected":false},"excerpt":{"rendered":"<p>Qu&rsquo;est-ce-que Cultura Box ? Cr\u00e9\u00e9e en novembre 2024, l\u2019ASBL Cultura Box est cr\u00e9\u00e9e pour encadrer des projets artistiques et musicaux, principalement dans le secteur des arts de la sc\u00e8ne. L\u2019ASBL accueille aujourd\u2019hui 4 projets r\u00e9currents et diverses activit\u00e9s ponctuelles. Parmi nos projets r\u00e9currents, vous retrouverez Major Set, un groupe de cinq musiciens qui m\u00ealent pop, [&hellip;]<\/p>\n","protected":false},"author":1,"featured_media":0,"parent":0,"menu_order":0,"comment_status":"closed","ping_status":"closed","template":"","meta":{"footnotes":""},"class_list":["post-10","page","type-page","status-publish","hentry","entry"],"yoast_head":"<!-- This site is optimized with the Yoast SEO plugin v23.9 - https:\/\/yoast.com\/wordpress\/plugins\/seo\/ -->\n<title>A propos... - Cultura Box ASBL<\/title>\n<meta name=\"robots\" content=\"index, follow, max-snippet:-1, max-image-preview:large, max-video-preview:-1\" \/>\n<link rel=\"canonical\" href=\"https:\/\/www.culturabox.be\/index.php\/a-propos\/\" \/>\n<meta property=\"og:locale\" content=\"fr_FR\" \/>\n<meta property=\"og:type\" content=\"article\" \/>\n<meta property=\"og:title\" content=\"A propos... - Cultura Box ASBL\" \/>\n<meta property=\"og:description\" content=\"Qu&rsquo;est-ce-que Cultura Box ? Cr\u00e9\u00e9e en novembre 2024, l\u2019ASBL Cultura Box est cr\u00e9\u00e9e pour encadrer des projets artistiques et musicaux, principalement dans le secteur des arts de la sc\u00e8ne. L\u2019ASBL accueille aujourd\u2019hui 4 projets r\u00e9currents et diverses activit\u00e9s ponctuelles. Parmi nos projets r\u00e9currents, vous retrouverez Major Set, un groupe de cinq musiciens qui m\u00ealent pop, [&hellip;]\" \/>\n<meta property=\"og:url\" content=\"https:\/\/www.culturabox.be\/index.php\/a-propos\/\" \/>\n<meta property=\"og:site_name\" content=\"Cultura Box ASBL\" \/>\n<meta property=\"article:modified_time\" content=\"2024-11-26T16:00:20+00:00\" \/>\n<meta property=\"og:image\" content=\"https:\/\/www.culturabox.be\/wp-content\/uploads\/2024\/11\/DSC04493bis-scaled.jpg\" \/>\n\t<meta property=\"og:image:width\" content=\"2560\" \/>\n\t<meta property=\"og:image:height\" content=\"2560\" \/>\n\t<meta property=\"og:image:type\" content=\"image\/jpeg\" \/>\n<meta name=\"twitter:card\" content=\"summary_large_image\" \/>\n<meta name=\"twitter:label1\" content=\"Dur\u00e9e de lecture estim\u00e9e\" \/>\n\t<meta name=\"twitter:data1\" content=\"3 minutes\" \/>\n<script type=\"application\/ld+json\" class=\"yoast-schema-graph\">{\"@context\":\"https:\/\/schema.org\",\"@graph\":[{\"@type\":\"WebPage\",\"@id\":\"https:\/\/www.culturabox.be\/index.php\/a-propos\/\",\"url\":\"https:\/\/www.culturabox.be\/index.php\/a-propos\/\",\"name\":\"A propos... - Cultura Box ASBL\",\"isPartOf\":{\"@id\":\"https:\/\/www.culturabox.be\/#website\"},\"primaryImageOfPage\":{\"@id\":\"https:\/\/www.culturabox.be\/index.php\/a-propos\/#primaryimage\"},\"image\":{\"@id\":\"https:\/\/www.culturabox.be\/index.php\/a-propos\/#primaryimage\"},\"thumbnailUrl\":\"https:\/\/www.culturabox.be\/wp-content\/uploads\/2024\/11\/DSC04493bis-1024x1024.jpg\",\"datePublished\":\"2024-11-26T09:53:46+00:00\",\"dateModified\":\"2024-11-26T16:00:20+00:00\",\"breadcrumb\":{\"@id\":\"https:\/\/www.culturabox.be\/index.php\/a-propos\/#breadcrumb\"},\"inLanguage\":\"fr-FR\",\"potentialAction\":[{\"@type\":\"ReadAction\",\"target\":[\"https:\/\/www.culturabox.be\/index.php\/a-propos\/\"]}]},{\"@type\":\"ImageObject\",\"inLanguage\":\"fr-FR\",\"@id\":\"https:\/\/www.culturabox.be\/index.php\/a-propos\/#primaryimage\",\"url\":\"https:\/\/www.culturabox.be\/wp-content\/uploads\/2024\/11\/DSC04493bis-scaled.jpg\",\"contentUrl\":\"https:\/\/www.culturabox.be\/wp-content\/uploads\/2024\/11\/DSC04493bis-scaled.jpg\",\"width\":2560,\"height\":2560},{\"@type\":\"BreadcrumbList\",\"@id\":\"https:\/\/www.culturabox.be\/index.php\/a-propos\/#breadcrumb\",\"itemListElement\":[{\"@type\":\"ListItem\",\"position\":1,\"name\":\"Accueil\",\"item\":\"https:\/\/www.culturabox.be\/\"},{\"@type\":\"ListItem\",\"position\":2,\"name\":\"A propos&#8230;\"}]},{\"@type\":\"WebSite\",\"@id\":\"https:\/\/www.culturabox.be\/#website\",\"url\":\"https:\/\/www.culturabox.be\/\",\"name\":\"Cultura Box ASBL\",\"description\":\"Cr\u00e9er - Inspirer - Partager\",\"potentialAction\":[{\"@type\":\"SearchAction\",\"target\":{\"@type\":\"EntryPoint\",\"urlTemplate\":\"https:\/\/www.culturabox.be\/?s={search_term_string}\"},\"query-input\":{\"@type\":\"PropertyValueSpecification\",\"valueRequired\":true,\"valueName\":\"search_term_string\"}}],\"inLanguage\":\"fr-FR\"}]}<\/script>\n<!-- \/ Yoast SEO plugin. -->","yoast_head_json":{"title":"A propos... - Cultura Box ASBL","robots":{"index":"index","follow":"follow","max-snippet":"max-snippet:-1","max-image-preview":"max-image-preview:large","max-video-preview":"max-video-preview:-1"},"canonical":"https:\/\/www.culturabox.be\/index.php\/a-propos\/","og_locale":"fr_FR","og_type":"article","og_title":"A propos... - Cultura Box ASBL","og_description":"Qu&rsquo;est-ce-que Cultura Box ? Cr\u00e9\u00e9e en novembre 2024, l\u2019ASBL Cultura Box est cr\u00e9\u00e9e pour encadrer des projets artistiques et musicaux, principalement dans le secteur des arts de la sc\u00e8ne. L\u2019ASBL accueille aujourd\u2019hui 4 projets r\u00e9currents et diverses activit\u00e9s ponctuelles. Parmi nos projets r\u00e9currents, vous retrouverez Major Set, un groupe de cinq musiciens qui m\u00ealent pop, [&hellip;]","og_url":"https:\/\/www.culturabox.be\/index.php\/a-propos\/","og_site_name":"Cultura Box ASBL","article_modified_time":"2024-11-26T16:00:20+00:00","og_image":[{"width":2560,"height":2560,"url":"https:\/\/www.culturabox.be\/wp-content\/uploads\/2024\/11\/DSC04493bis-scaled.jpg","type":"image\/jpeg"}],"twitter_card":"summary_large_image","twitter_misc":{"Dur\u00e9e de lecture estim\u00e9e":"3 minutes"},"schema":{"@context":"https:\/\/schema.org","@graph":[{"@type":"WebPage","@id":"https:\/\/www.culturabox.be\/index.php\/a-propos\/","url":"https:\/\/www.culturabox.be\/index.php\/a-propos\/","name":"A propos... - Cultura Box ASBL","isPartOf":{"@id":"https:\/\/www.culturabox.be\/#website"},"primaryImageOfPage":{"@id":"https:\/\/www.culturabox.be\/index.php\/a-propos\/#primaryimage"},"image":{"@id":"https:\/\/www.culturabox.be\/index.php\/a-propos\/#primaryimage"},"thumbnailUrl":"https:\/\/www.culturabox.be\/wp-content\/uploads\/2024\/11\/DSC04493bis-1024x1024.jpg","datePublished":"2024-11-26T09:53:46+00:00","dateModified":"2024-11-26T16:00:20+00:00","breadcrumb":{"@id":"https:\/\/www.culturabox.be\/index.php\/a-propos\/#breadcrumb"},"inLanguage":"fr-FR","potentialAction":[{"@type":"ReadAction","target":["https:\/\/www.culturabox.be\/index.php\/a-propos\/"]}]},{"@type":"ImageObject","inLanguage":"fr-FR","@id":"https:\/\/www.culturabox.be\/index.php\/a-propos\/#primaryimage","url":"https:\/\/www.culturabox.be\/wp-content\/uploads\/2024\/11\/DSC04493bis-scaled.jpg","contentUrl":"https:\/\/www.culturabox.be\/wp-content\/uploads\/2024\/11\/DSC04493bis-scaled.jpg","width":2560,"height":2560},{"@type":"BreadcrumbList","@id":"https:\/\/www.culturabox.be\/index.php\/a-propos\/#breadcrumb","itemListElement":[{"@type":"ListItem","position":1,"name":"Accueil","item":"https:\/\/www.culturabox.be\/"},{"@type":"ListItem","position":2,"name":"A propos&#8230;"}]},{"@type":"WebSite","@id":"https:\/\/www.culturabox.be\/#website","url":"https:\/\/www.culturabox.be\/","name":"Cultura Box ASBL","description":"Cr\u00e9er - Inspirer - Partager","potentialAction":[{"@type":"SearchAction","target":{"@type":"EntryPoint","urlTemplate":"https:\/\/www.culturabox.be\/?s={search_term_string}"},"query-input":{"@type":"PropertyValueSpecification","valueRequired":true,"valueName":"search_term_string"}}],"inLanguage":"fr-FR"}]}},"_links":{"self":[{"href":"https:\/\/www.culturabox.be\/index.php\/wp-json\/wp\/v2\/pages\/10","targetHints":{"allow":["GET"]}}],"collection":[{"href":"https:\/\/www.culturabox.be\/index.php\/wp-json\/wp\/v2\/pages"}],"about":[{"href":"https:\/\/www.culturabox.be\/index.php\/wp-json\/wp\/v2\/types\/page"}],"author":[{"embeddable":true,"href":"https:\/\/www.culturabox.be\/index.php\/wp-json\/wp\/v2\/users\/1"}],"replies":[{"embeddable":true,"href":"https:\/\/www.culturabox.be\/index.php\/wp-json\/wp\/v2\/comments?post=10"}],"version-history":[{"count":23,"href":"https:\/\/www.culturabox.be\/index.php\/wp-json\/wp\/v2\/pages\/10\/revisions"}],"predecessor-version":[{"id":195,"href":"https:\/\/www.culturabox.be\/index.php\/wp-json\/wp\/v2\/pages\/10\/revisions\/195"}],"wp:attachment":[{"href":"https:\/\/www.culturabox.be\/index.php\/wp-json\/wp\/v2\/media?parent=10"}],"curies":[{"name":"wp","href":"https:\/\/api.w.org\/{rel}","templated":true}]}}